
{"id":271,"date":"2016-11-29T13:22:26","date_gmt":"2016-11-29T13:22:26","guid":{"rendered":"https:\/\/www.aulastic.com\/blogs2\/charramos\/?page_id=271"},"modified":"2016-11-30T10:32:24","modified_gmt":"2016-11-30T10:32:24","slug":"visita-al-cp-de-lekeitio","status":"publish","type":"page","link":"https:\/\/www.aulastic.com\/blogs2\/charramos\/visita-al-cp-de-lekeitio\/","title":{"rendered":"Visita al CP de Lekeitio"},"content":{"rendered":"<p style=\"text-align: justify\">Ante todo, me gustar\u00eda dar las gracias al CPR de Gij\u00f3n por organizar este viaje y esta visita tan interesante. Es de esas actividades en las que sientes que has aprovechado desde el primer hasta el \u00faltimo segundo y de las que aprendes much\u00edsimo.<\/p>\n<p style=\"text-align: justify\">Gracias a nuestro cole, por permitirnos asistir y a los compa\u00f1eros que nos han tenido que sustituir. Y por \u00faltimo, gracias Anny, porque has sido una compa\u00f1era de viaje excepcional.<\/p>\n<p style=\"text-align: justify\">En las siguientes lineas, intentaremos resumir todo lo que hemos visto, esperando que seamos capaces de ilusionaros, aunque sea un poco, con algunas propuestas muy interesantes que hemos visto y que pensamos que pueden ser aplicables en el funcionamiento de nuestro centro.<\/p>\n<p style=\"text-align: justify\"><a href=\"https:\/\/www.aulastic.com\/blogs2\/charramos\/wp-content\/uploads\/sites\/18\/2016\/11\/IMG_0912-e1480155206577.jpg\"><img loading=\"lazy\" class=\"alignnone size-medium wp-image-272\" src=\"https:\/\/www.aulastic.com\/blogs2\/charramos\/wp-content\/uploads\/sites\/18\/2016\/11\/IMG_0912-e1480155206577-300x225.jpg\" alt=\"IMG_0912\" width=\"300\" height=\"225\" srcset=\"https:\/\/www.aulastic.com\/blogs2\/charramos\/wp-content\/uploads\/sites\/18\/2016\/11\/IMG_0912-e1480155206577-300x225.jpg 300w, https:\/\/www.aulastic.com\/blogs2\/charramos\/wp-content\/uploads\/sites\/18\/2016\/11\/IMG_0912-e1480155206577-768x576.jpg 768w, https:\/\/www.aulastic.com\/blogs2\/charramos\/wp-content\/uploads\/sites\/18\/2016\/11\/IMG_0912-e1480155206577-1024x768.jpg 1024w, https:\/\/www.aulastic.com\/blogs2\/charramos\/wp-content\/uploads\/sites\/18\/2016\/11\/IMG_0912-e1480155206577.jpg 1280w\" sizes=\"(max-width: 300px) 100vw, 300px\" \/><\/a>\u00a0En el autob\u00fas, aprovechamos a ponernos al d\u00eda, porque aunque parezca mentira, trabajamos en el mismo cole y muchas veces no tenemos tiempo de conocer todo lo que se est\u00e1 trabajando en tu propio centro, se necesitan tiempos de discusi\u00f3n y puesta en com\u00fan. Fue muy enriquecedor.<\/p>\n<p style=\"text-align: justify\">Ya en Bilbao, empezamos a escuchar cosas como el ABP y el ABN ?, asi no me sonaban a nada. El ABP, es el Aprendizaje Basado por Proyectos, cosa que en este cole ya se viene trabajando desde hace tiempo, pero el ABN, son Algoritmos Basados en N\u00fameros. Metodolog\u00eda que me explic\u00f3 Thais, Jefa de Estudios del colegio de Cabrales y que me pareci\u00f3 super interesante, ya que se basa en un aprendizaje de las matem\u00e1ticas de manera muy manipulativa y visual. Se trabaja la descomposici\u00f3n de los n\u00fameros y \u00a0 el c\u00e1lculo mental apoyado con un material muy asequible (palillos y gomas de colores). En internet, hay un mont\u00f3n de v\u00eddeos muy cortitos que explican claramente como se lleva al aula la suma, resta, llevadas, multiplicaci\u00f3n,&#8230;. Todo un mundo a descubrir!!! Aqu\u00ed os dejo algunos ejemplos:<\/p>\n<p style=\"text-align: justify\"><a href=\"https:\/\/www.aulastic.com\/blogs2\/charramos\/wp-content\/uploads\/sites\/18\/2016\/11\/IMG_0915-e1480155669908.jpg\"><img loading=\"lazy\" class=\"alignnone size-medium wp-image-270\" src=\"https:\/\/www.aulastic.com\/blogs2\/charramos\/wp-content\/uploads\/sites\/18\/2016\/11\/IMG_0915-e1480155669908-300x225.jpg\" alt=\"IMG_0915\" width=\"300\" height=\"225\" srcset=\"https:\/\/www.aulastic.com\/blogs2\/charramos\/wp-content\/uploads\/sites\/18\/2016\/11\/IMG_0915-e1480155669908-300x225.jpg 300w, https:\/\/www.aulastic.com\/blogs2\/charramos\/wp-content\/uploads\/sites\/18\/2016\/11\/IMG_0915-e1480155669908-768x576.jpg 768w, https:\/\/www.aulastic.com\/blogs2\/charramos\/wp-content\/uploads\/sites\/18\/2016\/11\/IMG_0915-e1480155669908-1024x768.jpg 1024w, https:\/\/www.aulastic.com\/blogs2\/charramos\/wp-content\/uploads\/sites\/18\/2016\/11\/IMG_0915-e1480155669908.jpg 1280w\" sizes=\"(max-width: 300px) 100vw, 300px\" \/><\/a>\u00a0Gracias Thais por tu paciencia conmigo!!!<\/p>\n<p>&nbsp;<\/p>\n<p>&nbsp;<\/p>\n<p><iframe loading=\"lazy\" width=\"604\" height=\"453\" src=\"https:\/\/www.youtube.com\/embed\/6bXjBCRuCJw?feature=oembed\" frameborder=\"0\" allowfullscreen><\/iframe><\/p>\n<p><iframe loading=\"lazy\" width=\"604\" height=\"453\" src=\"https:\/\/www.youtube.com\/embed\/lqyAA-DUyu8?feature=oembed\" frameborder=\"0\" allowfullscreen><\/iframe><\/p>\n<p><iframe loading=\"lazy\" width=\"604\" height=\"453\" src=\"https:\/\/www.youtube.com\/embed\/9JJDjfeZcOY?feature=oembed\" frameborder=\"0\" allowfullscreen><\/iframe><\/p>\n<p><iframe loading=\"lazy\" width=\"604\" height=\"453\" src=\"https:\/\/www.youtube.com\/embed\/nTh-5914Od4?feature=oembed\" frameborder=\"0\" allowfullscreen><\/iframe><\/p>\n<p><iframe loading=\"lazy\" width=\"604\" height=\"453\" src=\"https:\/\/www.youtube.com\/embed\/O7TslYgecwQ?feature=oembed\" frameborder=\"0\" allowfullscreen><\/iframe><\/p>\n<p style=\"text-align: justify\">Nuevamente gracias, a la comunidad del \u00a0CP de Lekeitio por su acogida tan cari\u00f1osa.<\/p>\n<p style=\"text-align: justify\"><a href=\"https:\/\/www.aulastic.com\/blogs2\/charramos\/wp-content\/uploads\/sites\/18\/2016\/11\/IMG_0913.jpg\"><img loading=\"lazy\" class=\"wp-image-278 aligncenter\" src=\"https:\/\/www.aulastic.com\/blogs2\/charramos\/wp-content\/uploads\/sites\/18\/2016\/11\/IMG_0913-300x225.jpg\" alt=\"IMG_0913\" width=\"303\" height=\"227\" srcset=\"https:\/\/www.aulastic.com\/blogs2\/charramos\/wp-content\/uploads\/sites\/18\/2016\/11\/IMG_0913-300x225.jpg 300w, https:\/\/www.aulastic.com\/blogs2\/charramos\/wp-content\/uploads\/sites\/18\/2016\/11\/IMG_0913.jpg 320w\" sizes=\"(max-width: 303px) 100vw, 303px\" \/><\/a><\/p>\n<p style=\"text-align: justify\">Nos dividieron en tres grupos para que pudi\u00e9ramos ver la filosof\u00eda del centro. Os voy a intentar resumir un poco nuestras primeras impresiones al llegar. El pueblo, que es peque\u00f1o, principalmente vacacional y orientado al sector servicios, ellos comentaban que la \u00fanica \u00abf\u00e1brica\u00bb era el colegio, no hab\u00eda en el pueblo lugar que tuviese tantos trabajadores como la escuela. Tiene poca poblaci\u00f3n de fuera y \u00a0dominio del Euskera, comentan que es un pueblo muy euskaldun. Los edificios que forman el colegio, cuentan con bastantes a\u00f1os, no tienen grandes medios tecnol\u00f3gicos que puedan llamar la atenci\u00f3n, pero su riqueza se basa en la dotaci\u00f3n de personal, ya que son un cole de linea tres que posee mas de 50 profesores. Cuentan con ni\u00f1os de dos a\u00f1os que se integran en el d\u00eda a d\u00eda del centro. Las clases, son muy amplias, con biombos o puertas correderas que permiten acortar espacios. Son clases con grandes ventanales, muy luminosas, cosa que nos llam\u00f3 la atenci\u00f3n ya que los ni\u00f1os no se quejan de la luz, las cortinas siempre est\u00e1n abiertas. Las puertas de acceso al centros SIEMPRE est\u00e1n abiertas, incluso la verja que separa el instituto del colegio, para ellos esta apertura es algo natural, no se concibe que pueda ser de otra forma. Se observaba un esp\u00edritu de autonom\u00eda toral en los alumnos, ya que se mov\u00edan libremente en por el centro, sin filas, sin pedir permiso,&#8230; y jamas tuvimos la sensaci\u00f3n de caos. Si es cierto, que el espacio, tanto de aulas, pasillos, ..permite esa movilidad por su amplitud.<\/p>\n<p style=\"text-align: justify\">Su metodolog\u00eda esta basada en los siguientes pilares:<\/p>\n<p style=\"text-align: justify\"><strong>1- Las Comunidades Cooperativas-<\/strong> toda la comunidad educativa participa en la resoluci\u00f3n de conflictos: alumnado, profesorado, monitores, familias,&#8230; para ello, tienen establecidos unos foros en los que se discuten determinados aspectos que luego se llevan a cada espacio correspondiente, se discuten, se toman decisiones y se llega a una soluci\u00f3n consensuada. Todo eso se lleva a cabo mediante unas Comisiones Mixtas. Se procura discutir todo lo que se hace, tanto con el alumnado como con los familiares. Por ejemplo, hace poco, surgi\u00f3 el tema de las tareas escolares. Se unieron todos, se pasaron encuestas a cada sector (el nivel de participaci\u00f3n fue muy elevado) y se lleg\u00f3 a un acuerdo consensuado. Ahora est\u00e1n especialmente sensibilizados con el tema del respeto mutuo, la manera de hablarse, las palabrotas,&#8230; Por tanto, todos los conflictos se abordan de esta manera. Cada representante lleva a su grupo lo que se ha hablado, se sacan conclusiones y se llega a un acuerdo.<\/p>\n<p style=\"text-align: justify\">Es una educaci\u00f3n progresista e innovadora basada en investigaciones educativas. Un proyecto popular y colectivo, en el que participan distintas comunidades para conseguir \u00e9xito en la educaci\u00f3n y una inclusividad real. Se basa en el aprendizaje ideol\u00f3gico. El conocimiento y la convivencia surgen a partir de las relaciones de convivencia y de la formaci\u00f3n permanente. Tal es as\u00ed, que el director del centro, nos contaba que en el a\u00f1o 2000, cuando se embarcaron en este proyecto, mientras el claustro tubo una formaci\u00f3n durante meses dentro del horario escolar, fueron las familias las que se encargaron de las aulas. De hecho en nuestra visita pudimos ver en una clase de infantil como hab\u00eda 8 adultos (3 profesoras, 3 madres y 2 lectores), el espacio del aula es tan amplio que no se molestaban para nada. Es m\u00e1s, no tienen una silla triste o un rinc\u00f3n de pensar, la clase contaba con un rinc\u00f3n de relajaci\u00f3n con m\u00fasica, cojines,&#8230; que permit\u00eda a los ni\u00f1os entrar all\u00ed cuando quisieran o lo necesitasen.<\/p>\n<p style=\"text-align: justify\"><a href=\"https:\/\/www.aulastic.com\/blogs2\/charramos\/wp-content\/uploads\/sites\/18\/2016\/11\/IMG_1052.jpg\"><img loading=\"lazy\" class=\"alignnone size-medium wp-image-303\" src=\"https:\/\/www.aulastic.com\/blogs2\/charramos\/wp-content\/uploads\/sites\/18\/2016\/11\/IMG_1052-169x300.jpg\" alt=\"IMG_1052\" width=\"169\" height=\"300\" srcset=\"https:\/\/www.aulastic.com\/blogs2\/charramos\/wp-content\/uploads\/sites\/18\/2016\/11\/IMG_1052-169x300.jpg 169w, https:\/\/www.aulastic.com\/blogs2\/charramos\/wp-content\/uploads\/sites\/18\/2016\/11\/IMG_1052-576x1024.jpg 576w, https:\/\/www.aulastic.com\/blogs2\/charramos\/wp-content\/uploads\/sites\/18\/2016\/11\/IMG_1052.jpg 747w\" sizes=\"(max-width: 169px) 100vw, 169px\" \/><\/a> <a href=\"https:\/\/www.aulastic.com\/blogs2\/charramos\/wp-content\/uploads\/sites\/18\/2016\/11\/IMG_1051.jpg\"><img loading=\"lazy\" class=\"alignnone size-medium wp-image-304\" src=\"https:\/\/www.aulastic.com\/blogs2\/charramos\/wp-content\/uploads\/sites\/18\/2016\/11\/IMG_1051-300x169.jpg\" alt=\"IMG_1051\" width=\"300\" height=\"169\" srcset=\"https:\/\/www.aulastic.com\/blogs2\/charramos\/wp-content\/uploads\/sites\/18\/2016\/11\/IMG_1051-300x169.jpg 300w, https:\/\/www.aulastic.com\/blogs2\/charramos\/wp-content\/uploads\/sites\/18\/2016\/11\/IMG_1051-768x432.jpg 768w, https:\/\/www.aulastic.com\/blogs2\/charramos\/wp-content\/uploads\/sites\/18\/2016\/11\/IMG_1051-1024x576.jpg 1024w, https:\/\/www.aulastic.com\/blogs2\/charramos\/wp-content\/uploads\/sites\/18\/2016\/11\/IMG_1051.jpg 1328w\" sizes=\"(max-width: 300px) 100vw, 300px\" \/><\/a> <a href=\"https:\/\/www.aulastic.com\/blogs2\/charramos\/wp-content\/uploads\/sites\/18\/2016\/11\/IMG_1053.jpg\"><img loading=\"lazy\" class=\"alignnone size-medium wp-image-305\" src=\"https:\/\/www.aulastic.com\/blogs2\/charramos\/wp-content\/uploads\/sites\/18\/2016\/11\/IMG_1053-169x300.jpg\" alt=\"IMG_1053\" width=\"169\" height=\"300\" srcset=\"https:\/\/www.aulastic.com\/blogs2\/charramos\/wp-content\/uploads\/sites\/18\/2016\/11\/IMG_1053-169x300.jpg 169w, https:\/\/www.aulastic.com\/blogs2\/charramos\/wp-content\/uploads\/sites\/18\/2016\/11\/IMG_1053-576x1024.jpg 576w, https:\/\/www.aulastic.com\/blogs2\/charramos\/wp-content\/uploads\/sites\/18\/2016\/11\/IMG_1053.jpg 747w\" sizes=\"(max-width: 169px) 100vw, 169px\" \/><\/a><\/p>\n<p style=\"text-align: justify\">La clase de PT se comparte con la especialista de AL y contaba con un rinc\u00f3n en el que estaba instalada una discoteca.<\/p>\n<p style=\"text-align: justify\"><a href=\"https:\/\/www.aulastic.com\/blogs2\/charramos\/wp-content\/uploads\/sites\/18\/2016\/11\/IMG_0955.jpg\"><img loading=\"lazy\" class=\"alignnone size-medium wp-image-308\" src=\"https:\/\/www.aulastic.com\/blogs2\/charramos\/wp-content\/uploads\/sites\/18\/2016\/11\/IMG_0955-169x300.jpg\" alt=\"IMG_0955\" width=\"169\" height=\"300\" srcset=\"https:\/\/www.aulastic.com\/blogs2\/charramos\/wp-content\/uploads\/sites\/18\/2016\/11\/IMG_0955-169x300.jpg 169w, https:\/\/www.aulastic.com\/blogs2\/charramos\/wp-content\/uploads\/sites\/18\/2016\/11\/IMG_0955-576x1024.jpg 576w, https:\/\/www.aulastic.com\/blogs2\/charramos\/wp-content\/uploads\/sites\/18\/2016\/11\/IMG_0955.jpg 747w\" sizes=\"(max-width: 169px) 100vw, 169px\" \/><\/a>\u00a0Los ni\u00f1os con dificultades importantes, como era el caso de una ni\u00f1a con par\u00e1lisis cerebral sin lenguaje oral, est\u00e1n integrados en las aulas de manera normalizada.<\/p>\n<p style=\"text-align: justify\"><a href=\"https:\/\/www.aulastic.com\/blogs2\/charramos\/wp-content\/uploads\/sites\/18\/2016\/11\/IMG_0951.jpg\"><img loading=\"lazy\" class=\"alignnone size-medium wp-image-309\" src=\"https:\/\/www.aulastic.com\/blogs2\/charramos\/wp-content\/uploads\/sites\/18\/2016\/11\/IMG_0951-300x225.jpg\" alt=\"IMG_0951\" width=\"300\" height=\"225\" srcset=\"https:\/\/www.aulastic.com\/blogs2\/charramos\/wp-content\/uploads\/sites\/18\/2016\/11\/IMG_0951-300x225.jpg 300w, https:\/\/www.aulastic.com\/blogs2\/charramos\/wp-content\/uploads\/sites\/18\/2016\/11\/IMG_0951.jpg 320w\" sizes=\"(max-width: 300px) 100vw, 300px\" \/><\/a><\/p>\n<p style=\"text-align: justify\">Dentro de esta filosof\u00eda, se utilizan<strong> los apadrinamientos<\/strong>, los cuales, pueden ser de varios tipos. Los ni\u00f1os de 4\u00ba de la ESO, una vez a la semana vienen al cole a dinamizar actividades con grupos de infantil, normalmente de lecto-escritura. Tambi\u00e9n, los ni\u00f1os del instituto se encargan de ayudar a los m\u00e1s peque\u00f1os a lavarse los dientes despu\u00e9s del comedor, cada ni\u00f1o apadrina a uno m\u00e1s peque\u00f1o y se encarga de su higiene bucal. Para ellos es un orgullo y a los peque\u00f1os les encanta. Esta din\u00e1mica, hace que se mantenga una estrecha relaci\u00f3n entre el IES y el cole.<\/p>\n<p style=\"text-align: justify\">Tambi\u00e9n se utiliza esta metodolog\u00eda con ni\u00f1os del tercer ciclo que no asisten a las clases de religi\u00f3n. Se hacen durante 1 o 2 sesiones semanales, y pasan por grupos desde los \u00a04 a\u00f1os hasta 2\u00ba de primaria.<\/p>\n<p style=\"text-align: justify\"><a href=\"https:\/\/www.aulastic.com\/blogs2\/charramos\/wp-content\/uploads\/sites\/18\/2016\/11\/IMG_0934-e1480421505865.jpg\"><img loading=\"lazy\" class=\"alignnone size-medium wp-image-279\" src=\"https:\/\/www.aulastic.com\/blogs2\/charramos\/wp-content\/uploads\/sites\/18\/2016\/11\/IMG_0934-e1480421505865-225x300.jpg\" alt=\"IMG_0934\" width=\"225\" height=\"300\" srcset=\"https:\/\/www.aulastic.com\/blogs2\/charramos\/wp-content\/uploads\/sites\/18\/2016\/11\/IMG_0934-e1480421505865-225x300.jpg 225w, https:\/\/www.aulastic.com\/blogs2\/charramos\/wp-content\/uploads\/sites\/18\/2016\/11\/IMG_0934-e1480421505865.jpg 240w\" sizes=\"(max-width: 225px) 100vw, 225px\" \/><\/a>\u00a0La clase que recibe a los ni\u00f1os mayores, se divide en grupos de trabajo, cada ni\u00f1o mayor se encarga de tutorizar uno de esos grupos.<\/p>\n<p style=\"text-align: justify\">Las familias tambi\u00e9n participan dentro del aula, puede ser de manera puntual para una actividad concreta o de forma m\u00e1s estructurada, en la que se pide ayuda a unas determinadas familiar durante todo un trimestre, para trabajar por ejemplo, conversaci\u00f3n en ingl\u00e9s.<\/p>\n<p style=\"text-align: left\"><strong>2- Los Grupos Interactivos-<\/strong>\u00a0 Se trata de dividir un grupo en tres, con 8 o 10 alumnos cada uno. Se \u00a0trabaja de manera simultanea, en espacios diferentes y con actividades diferentes. Esto lo pueden hacer tres profes o pueden usar profesorado de pr\u00e1cticas, ayudantes de conversaci\u00f3n (lo que nosotros llamamos lectores) o \u00a0familias. Dependiendo de nivel con el que se trabaje, las actividades pueden variar entre 20\u00b4 o 30\u00b4. El tiempo total ser\u00eda de 1 hora y media y la condici\u00f3n es que todos los grupos deben de pasar por todas las actividades. En las fotos se ver un grupo de 5\u00ba dividido en tres y las actividades que realiza cada uno de los subgrupos.<\/p>\n<p style=\"text-align: left\"><a href=\"https:\/\/www.aulastic.com\/blogs2\/charramos\/wp-content\/uploads\/sites\/18\/2016\/11\/IMG_0926.jpg\"><img loading=\"lazy\" class=\"alignnone size-medium wp-image-280\" src=\"https:\/\/www.aulastic.com\/blogs2\/charramos\/wp-content\/uploads\/sites\/18\/2016\/11\/IMG_0926-300x225.jpg\" alt=\"IMG_0926\" width=\"300\" height=\"225\" srcset=\"https:\/\/www.aulastic.com\/blogs2\/charramos\/wp-content\/uploads\/sites\/18\/2016\/11\/IMG_0926-300x225.jpg 300w, https:\/\/www.aulastic.com\/blogs2\/charramos\/wp-content\/uploads\/sites\/18\/2016\/11\/IMG_0926.jpg 320w\" sizes=\"(max-width: 300px) 100vw, 300px\" \/><\/a>\u00a0Trabajan en ingl\u00e9s las emociones.<\/p>\n<p style=\"text-align: left\"><a href=\"https:\/\/www.aulastic.com\/blogs2\/charramos\/wp-content\/uploads\/sites\/18\/2016\/11\/IMG_0956.jpg\"><img loading=\"lazy\" class=\"alignnone size-medium wp-image-281\" src=\"https:\/\/www.aulastic.com\/blogs2\/charramos\/wp-content\/uploads\/sites\/18\/2016\/11\/IMG_0956-300x225.jpg\" alt=\"IMG_0956\" width=\"300\" height=\"225\" srcset=\"https:\/\/www.aulastic.com\/blogs2\/charramos\/wp-content\/uploads\/sites\/18\/2016\/11\/IMG_0956-300x225.jpg 300w, https:\/\/www.aulastic.com\/blogs2\/charramos\/wp-content\/uploads\/sites\/18\/2016\/11\/IMG_0956.jpg 320w\" sizes=\"(max-width: 300px) 100vw, 300px\" \/><\/a>\u00a0Hacen un power point del oto\u00f1o.<\/p>\n<p style=\"text-align: left\"><a href=\"https:\/\/www.aulastic.com\/blogs2\/charramos\/wp-content\/uploads\/sites\/18\/2016\/11\/IMG_0960.jpg\"><img loading=\"lazy\" class=\"alignnone size-medium wp-image-282\" src=\"https:\/\/www.aulastic.com\/blogs2\/charramos\/wp-content\/uploads\/sites\/18\/2016\/11\/IMG_0960-300x225.jpg\" alt=\"IMG_0960\" width=\"300\" height=\"225\" srcset=\"https:\/\/www.aulastic.com\/blogs2\/charramos\/wp-content\/uploads\/sites\/18\/2016\/11\/IMG_0960-300x225.jpg 300w, https:\/\/www.aulastic.com\/blogs2\/charramos\/wp-content\/uploads\/sites\/18\/2016\/11\/IMG_0960.jpg 320w\" sizes=\"(max-width: 300px) 100vw, 300px\" \/><\/a>\u00a0Trabajan gram\u00e1tica en Euskera sobre el oto\u00f1o.<\/p>\n<p style=\"text-align: left\">En este caso, dos de los grupos compart\u00edan el mismo espacio, la biblioteca del cole.<\/p>\n<p style=\"text-align: left\"><strong>3- Las tertulias-<\/strong> es un modo especifico de lectura de los cl\u00e1sicos de la literatura universal.<\/p>\n<p style=\"text-align: left\"><a href=\"https:\/\/www.aulastic.com\/blogs2\/charramos\/wp-content\/uploads\/sites\/18\/2016\/11\/IMG_0924.jpg\"><img loading=\"lazy\" class=\"alignnone size-medium wp-image-285\" src=\"https:\/\/www.aulastic.com\/blogs2\/charramos\/wp-content\/uploads\/sites\/18\/2016\/11\/IMG_0924-300x225.jpg\" alt=\"IMG_0924\" width=\"300\" height=\"225\" srcset=\"https:\/\/www.aulastic.com\/blogs2\/charramos\/wp-content\/uploads\/sites\/18\/2016\/11\/IMG_0924-300x225.jpg 300w, https:\/\/www.aulastic.com\/blogs2\/charramos\/wp-content\/uploads\/sites\/18\/2016\/11\/IMG_0924.jpg 320w\" sizes=\"(max-width: 300px) 100vw, 300px\" \/><\/a>\u00a0<a href=\"https:\/\/www.aulastic.com\/blogs2\/charramos\/wp-content\/uploads\/sites\/18\/2016\/11\/IMG_0940-e1480422457109.jpg\"><img loading=\"lazy\" class=\"alignnone size-medium wp-image-286\" src=\"https:\/\/www.aulastic.com\/blogs2\/charramos\/wp-content\/uploads\/sites\/18\/2016\/11\/IMG_0940-e1480422457109-225x300.jpg\" alt=\"IMG_0940\" width=\"225\" height=\"300\" srcset=\"https:\/\/www.aulastic.com\/blogs2\/charramos\/wp-content\/uploads\/sites\/18\/2016\/11\/IMG_0940-e1480422457109-225x300.jpg 225w, https:\/\/www.aulastic.com\/blogs2\/charramos\/wp-content\/uploads\/sites\/18\/2016\/11\/IMG_0940-e1480422457109.jpg 240w\" sizes=\"(max-width: 225px) 100vw, 225px\" \/><\/a>\u00a0\u00a0<a href=\"https:\/\/www.aulastic.com\/blogs2\/charramos\/wp-content\/uploads\/sites\/18\/2016\/11\/IMG_0944.jpg\"><img loading=\"lazy\" class=\"alignnone size-medium wp-image-287\" src=\"https:\/\/www.aulastic.com\/blogs2\/charramos\/wp-content\/uploads\/sites\/18\/2016\/11\/IMG_0944-300x225.jpg\" alt=\"IMG_0944\" width=\"300\" height=\"225\" srcset=\"https:\/\/www.aulastic.com\/blogs2\/charramos\/wp-content\/uploads\/sites\/18\/2016\/11\/IMG_0944-300x225.jpg 300w, https:\/\/www.aulastic.com\/blogs2\/charramos\/wp-content\/uploads\/sites\/18\/2016\/11\/IMG_0944.jpg 320w\" sizes=\"(max-width: 300px) 100vw, 300px\" \/><\/a><\/p>\n<p><iframe loading=\"lazy\" width=\"604\" height=\"340\" src=\"https:\/\/www.youtube.com\/embed\/vwOPfUtuIXs?feature=oembed\" frameborder=\"0\" allowfullscreen><\/iframe><\/p>\n<p>Como veis, todos los espacios son de uso, en este caso, los pasillos tienen mesas que se pueden recoger hacia arriba y hay estanter\u00edas de con las lecturas de las tertulias. Cada ni\u00f1o coge su libro, a partir de tercero ya se lo pueden llevar a casa, y entre todos deciden cu\u00e1ntas p\u00e1ginas van a leer. Tienen un cuaderno en el que apuntan que p\u00e1rrafo les ha llamado la atenci\u00f3n y el por qu\u00e9.<\/p>\n<p>Las lecturas, siguen la lista de cl\u00e1sicos que marca la Comunidad de aprendizaje, aunque ellos comentaban que lo tienen dif\u00edcil porque no hay mucho traducido al euskera y lo que hay, no siempre es bueno.<\/p>\n<p>Estas tertulias, no s\u00f3lo se hacen con ni\u00f1os, sino que cada 2 semanas tambi\u00e9n se hace con las familias. Incluso, a final de curso, se hacen tertulias con los ni\u00f1os y sus familias, todos se han le\u00eddo el mismo libro y participan de manera conjunta en dicha actividad.<\/p>\n<p style=\"text-align: left\"><strong>4- La biblioteca tutorizada-<\/strong> ofrece ayuda a aquel alumnado que por determinadas circunstancias no puede hacer las tareas escolares en su casa.<\/p>\n<p>La encargada de esta biblioteca tiene un perfil de bibliotecario, es decir, su plaza es esa, y se encarga de dinamizar este proyecto. Nos comentaban, que cada vez queda menos personal con este perfil.<\/p>\n<p><a href=\"https:\/\/www.aulastic.com\/blogs2\/charramos\/wp-content\/uploads\/sites\/18\/2016\/11\/IMG_0967.jpg\"><img loading=\"lazy\" class=\"alignnone wp-image-283\" src=\"https:\/\/www.aulastic.com\/blogs2\/charramos\/wp-content\/uploads\/sites\/18\/2016\/11\/IMG_0967-300x225.jpg\" alt=\"IMG_0967\" width=\"201\" height=\"151\" srcset=\"https:\/\/www.aulastic.com\/blogs2\/charramos\/wp-content\/uploads\/sites\/18\/2016\/11\/IMG_0967-300x225.jpg 300w, https:\/\/www.aulastic.com\/blogs2\/charramos\/wp-content\/uploads\/sites\/18\/2016\/11\/IMG_0967.jpg 320w\" sizes=\"(max-width: 201px) 100vw, 201px\" \/><\/a>\u00a0<a href=\"https:\/\/www.aulastic.com\/blogs2\/charramos\/wp-content\/uploads\/sites\/18\/2016\/11\/IMG_0958.jpg\"><img loading=\"lazy\" class=\"alignnone size-medium wp-image-269\" src=\"https:\/\/www.aulastic.com\/blogs2\/charramos\/wp-content\/uploads\/sites\/18\/2016\/11\/IMG_0958-300x225.jpg\" alt=\"IMG_0958\" width=\"300\" height=\"225\" srcset=\"https:\/\/www.aulastic.com\/blogs2\/charramos\/wp-content\/uploads\/sites\/18\/2016\/11\/IMG_0958-300x225.jpg 300w, https:\/\/www.aulastic.com\/blogs2\/charramos\/wp-content\/uploads\/sites\/18\/2016\/11\/IMG_0958.jpg 320w\" sizes=\"(max-width: 300px) 100vw, 300px\" \/><\/a><a href=\"https:\/\/www.aulastic.com\/blogs2\/charramos\/wp-content\/uploads\/sites\/18\/2016\/11\/IMG_0953.jpg\"><img loading=\"lazy\" class=\"alignnone size-medium wp-image-284\" src=\"https:\/\/www.aulastic.com\/blogs2\/charramos\/wp-content\/uploads\/sites\/18\/2016\/11\/IMG_0953-300x225.jpg\" alt=\"IMG_0953\" width=\"300\" height=\"225\" srcset=\"https:\/\/www.aulastic.com\/blogs2\/charramos\/wp-content\/uploads\/sites\/18\/2016\/11\/IMG_0953-300x225.jpg 300w, https:\/\/www.aulastic.com\/blogs2\/charramos\/wp-content\/uploads\/sites\/18\/2016\/11\/IMG_0953.jpg 320w\" sizes=\"(max-width: 300px) 100vw, 300px\" \/><\/a>\u00a0Este espacio se utiliza para la realizaci\u00f3n de los Grupos Interactivos y como tal, ejerce su funci\u00f3n de 12:30 a 14:30 y de 16:00 a 18:00, con la intenci\u00f3n de ofrecer ayuda a aquellos ni\u00f1os que no pueden hacer las tareas de casa.<\/p>\n<p style=\"text-align: left\"><strong>5- Los patios<\/strong>&#8211; Los cuales se organizan como una materia mas del curriculum. Tienen una dotaci\u00f3n importante de diferentes materiales que ofrecen alternativas al f\u00fatbol, tema que les provoca graves conflictos.<\/p>\n<p style=\"text-align: left\">La verja entre el instituto y el colegio, est\u00e1 permanentemente abierta al igual que las verjas de entrada al centro.<\/p>\n<p style=\"text-align: left\">Los ni\u00f1os de 5\u00ba y 6\u00ba se encargan de distribuir el material apuntando qui\u00e9n se lo lleva (nombre y curso), cada ni\u00f1o se hace responsable de su material y tiene que devolver el que se ha llevado, independientemente de que lo haya cambiado durante el recreo.<\/p>\n<p style=\"text-align: left\">En el patio, hay dos espacios, uno en el que se puede jugar al bal\u00f3n y otro espacio que proh\u00edbe la presencia de balones. Los viernes, el bal\u00f3n est\u00e1 prohibido para todos.<\/p>\n<p style=\"text-align: left\"><a href=\"https:\/\/www.aulastic.com\/blogs2\/charramos\/wp-content\/uploads\/sites\/18\/2016\/11\/IMG_0917.jpg\"><img loading=\"lazy\" class=\"alignnone size-medium wp-image-288\" src=\"https:\/\/www.aulastic.com\/blogs2\/charramos\/wp-content\/uploads\/sites\/18\/2016\/11\/IMG_0917-300x225.jpg\" alt=\"IMG_0917\" width=\"300\" height=\"225\" srcset=\"https:\/\/www.aulastic.com\/blogs2\/charramos\/wp-content\/uploads\/sites\/18\/2016\/11\/IMG_0917-300x225.jpg 300w, https:\/\/www.aulastic.com\/blogs2\/charramos\/wp-content\/uploads\/sites\/18\/2016\/11\/IMG_0917.jpg 320w\" sizes=\"(max-width: 300px) 100vw, 300px\" \/><\/a> <a href=\"https:\/\/www.aulastic.com\/blogs2\/charramos\/wp-content\/uploads\/sites\/18\/2016\/11\/IMG_1059.jpg\"><img loading=\"lazy\" class=\"alignnone size-medium wp-image-289\" src=\"https:\/\/www.aulastic.com\/blogs2\/charramos\/wp-content\/uploads\/sites\/18\/2016\/11\/IMG_1059-169x300.jpg\" alt=\"IMG_1059\" width=\"169\" height=\"300\" srcset=\"https:\/\/www.aulastic.com\/blogs2\/charramos\/wp-content\/uploads\/sites\/18\/2016\/11\/IMG_1059-169x300.jpg 169w, https:\/\/www.aulastic.com\/blogs2\/charramos\/wp-content\/uploads\/sites\/18\/2016\/11\/IMG_1059-576x1024.jpg 576w, https:\/\/www.aulastic.com\/blogs2\/charramos\/wp-content\/uploads\/sites\/18\/2016\/11\/IMG_1059.jpg 747w\" sizes=\"(max-width: 169px) 100vw, 169px\" \/><\/a> <a href=\"https:\/\/www.aulastic.com\/blogs2\/charramos\/wp-content\/uploads\/sites\/18\/2016\/11\/IMG_1062.jpg\"><img loading=\"lazy\" class=\"alignnone size-medium wp-image-290\" src=\"https:\/\/www.aulastic.com\/blogs2\/charramos\/wp-content\/uploads\/sites\/18\/2016\/11\/IMG_1062-169x300.jpg\" alt=\"IMG_1062\" width=\"169\" height=\"300\" srcset=\"https:\/\/www.aulastic.com\/blogs2\/charramos\/wp-content\/uploads\/sites\/18\/2016\/11\/IMG_1062-169x300.jpg 169w, https:\/\/www.aulastic.com\/blogs2\/charramos\/wp-content\/uploads\/sites\/18\/2016\/11\/IMG_1062-576x1024.jpg 576w, https:\/\/www.aulastic.com\/blogs2\/charramos\/wp-content\/uploads\/sites\/18\/2016\/11\/IMG_1062.jpg 747w\" sizes=\"(max-width: 169px) 100vw, 169px\" \/><\/a><a href=\"https:\/\/www.aulastic.com\/blogs2\/charramos\/wp-content\/uploads\/sites\/18\/2016\/11\/IMG_0969.jpg\"><img loading=\"lazy\" class=\"alignnone size-medium wp-image-291\" src=\"https:\/\/www.aulastic.com\/blogs2\/charramos\/wp-content\/uploads\/sites\/18\/2016\/11\/IMG_0969-300x225.jpg\" alt=\"IMG_0969\" width=\"300\" height=\"225\" srcset=\"https:\/\/www.aulastic.com\/blogs2\/charramos\/wp-content\/uploads\/sites\/18\/2016\/11\/IMG_0969-300x225.jpg 300w, https:\/\/www.aulastic.com\/blogs2\/charramos\/wp-content\/uploads\/sites\/18\/2016\/11\/IMG_0969.jpg 320w\" sizes=\"(max-width: 300px) 100vw, 300px\" \/><\/a> <a href=\"https:\/\/www.aulastic.com\/blogs2\/charramos\/wp-content\/uploads\/sites\/18\/2016\/11\/IMG_0916.jpg\"><img loading=\"lazy\" class=\"alignnone size-medium wp-image-292\" src=\"https:\/\/www.aulastic.com\/blogs2\/charramos\/wp-content\/uploads\/sites\/18\/2016\/11\/IMG_0916-300x225.jpg\" alt=\"IMG_0916\" width=\"300\" height=\"225\" srcset=\"https:\/\/www.aulastic.com\/blogs2\/charramos\/wp-content\/uploads\/sites\/18\/2016\/11\/IMG_0916-300x225.jpg 300w, https:\/\/www.aulastic.com\/blogs2\/charramos\/wp-content\/uploads\/sites\/18\/2016\/11\/IMG_0916.jpg 320w\" sizes=\"(max-width: 300px) 100vw, 300px\" \/><\/a>\u00a0 Se les dan tizas.<a href=\"https:\/\/www.aulastic.com\/blogs2\/charramos\/wp-content\/uploads\/sites\/18\/2016\/11\/IMG_0978.jpg\"><img loading=\"lazy\" class=\"alignnone size-medium wp-image-293\" src=\"https:\/\/www.aulastic.com\/blogs2\/charramos\/wp-content\/uploads\/sites\/18\/2016\/11\/IMG_0978-300x225.jpg\" alt=\"IMG_0978\" width=\"300\" height=\"225\" srcset=\"https:\/\/www.aulastic.com\/blogs2\/charramos\/wp-content\/uploads\/sites\/18\/2016\/11\/IMG_0978-300x225.jpg 300w, https:\/\/www.aulastic.com\/blogs2\/charramos\/wp-content\/uploads\/sites\/18\/2016\/11\/IMG_0978.jpg 320w\" sizes=\"(max-width: 300px) 100vw, 300px\" \/><\/a>\u00a0Juguetes tradicionales.<a href=\"https:\/\/www.aulastic.com\/blogs2\/charramos\/wp-content\/uploads\/sites\/18\/2016\/11\/IMG_0982.jpg\"><img loading=\"lazy\" class=\"alignnone size-medium wp-image-294\" src=\"https:\/\/www.aulastic.com\/blogs2\/charramos\/wp-content\/uploads\/sites\/18\/2016\/11\/IMG_0982-300x225.jpg\" alt=\"IMG_0982\" width=\"300\" height=\"225\" srcset=\"https:\/\/www.aulastic.com\/blogs2\/charramos\/wp-content\/uploads\/sites\/18\/2016\/11\/IMG_0982-300x225.jpg 300w, https:\/\/www.aulastic.com\/blogs2\/charramos\/wp-content\/uploads\/sites\/18\/2016\/11\/IMG_0982.jpg 320w\" sizes=\"(max-width: 300px) 100vw, 300px\" \/><\/a> <a href=\"https:\/\/www.aulastic.com\/blogs2\/charramos\/wp-content\/uploads\/sites\/18\/2016\/11\/IMG_0987.jpg\"><img loading=\"lazy\" class=\"alignnone size-medium wp-image-295\" src=\"https:\/\/www.aulastic.com\/blogs2\/charramos\/wp-content\/uploads\/sites\/18\/2016\/11\/IMG_0987-300x225.jpg\" alt=\"IMG_0987\" width=\"300\" height=\"225\" srcset=\"https:\/\/www.aulastic.com\/blogs2\/charramos\/wp-content\/uploads\/sites\/18\/2016\/11\/IMG_0987-300x225.jpg 300w, https:\/\/www.aulastic.com\/blogs2\/charramos\/wp-content\/uploads\/sites\/18\/2016\/11\/IMG_0987.jpg 320w\" sizes=\"(max-width: 300px) 100vw, 300px\" \/><\/a>\u00a0Patines, monopatines y patinetes que pueden traer de casa y dejarlos en el cole.<\/p>\n<p style=\"text-align: left\">El Gobierno Vasco promueve un rinc\u00f3n que llaman : Txoko Berrea, que es el rinc\u00f3n verde, con el que se fomenta el desarrollo sostenible, el reciclaje, el cuidado del Medio Ambiente,&#8230; en un proyecto llamando <strong>Agenda 21<\/strong>. Una de las actividades, es que los viernes, que es el d\u00eda de la fruta, se saca la basura org\u00e1nica y se mete en unos contenedores para hacer kompost.<\/p>\n<p style=\"text-align: left\"><a href=\"https:\/\/www.aulastic.com\/blogs2\/charramos\/wp-content\/uploads\/sites\/18\/2016\/11\/IMG_0941-e1480425110851.jpg\"><img loading=\"lazy\" class=\"alignnone size-medium wp-image-297\" src=\"https:\/\/www.aulastic.com\/blogs2\/charramos\/wp-content\/uploads\/sites\/18\/2016\/11\/IMG_0941-e1480425110851-225x300.jpg\" alt=\"IMG_0941\" width=\"225\" height=\"300\" srcset=\"https:\/\/www.aulastic.com\/blogs2\/charramos\/wp-content\/uploads\/sites\/18\/2016\/11\/IMG_0941-e1480425110851-225x300.jpg 225w, https:\/\/www.aulastic.com\/blogs2\/charramos\/wp-content\/uploads\/sites\/18\/2016\/11\/IMG_0941-e1480425110851.jpg 240w\" sizes=\"(max-width: 225px) 100vw, 225px\" \/><\/a><\/p>\n<p style=\"text-align: left\">El d\u00eda de la visita, coincidi\u00f3 con el d\u00eda de la violencia de g\u00e9nero y como no pod\u00eda ser de otra manera, toda la comunidad educativa particip\u00f3 en un acto muy bonito y emotivo.<\/p>\n<p><iframe loading=\"lazy\" width=\"604\" height=\"340\" src=\"https:\/\/www.youtube.com\/embed\/ikkkB21Rbh0?start=1&#038;feature=oembed\" frameborder=\"0\" allowfullscreen><\/iframe><\/p>\n<p>&nbsp;<\/p>\n<p style=\"text-align: left\">Comentan, que como en nuestro caso,\u00a0<strong>EL TIEMPO<\/strong> es el gran agobio, pero que lo saben aprovechar. Mantienen dos horas de formaci\u00f3n todas las semanas y se organizan en horizontal y en vertical, es decir, todas las semanas se re\u00fane infantil con primero y desde 2\u00ba hasta 6\u00ba. Tambi\u00e9n se re\u00fanen en seminarios para revisar las programaciones,&#8230; con las familias, se organizan despu\u00e9s del comedor y se intenta que todos los tutores de nivel tengan al menos una sesi\u00f3n de coordinaci\u00f3n.<\/p>\n<p style=\"text-align: left\">Aquello que se decide en claustro y que es recogido por el Proyecto Educativo tiene que ser acatado por todos, nadie se puede negar a seguir esta metodolog\u00eda.<\/p>\n<p style=\"text-align: left\">En el siguiente v\u00eddeo, creo que se resume claramente el esp\u00edritu de este centro que si se pudiera sintetizar con una frase, ser\u00eda:\u00a0<strong>\u00a1\u00a1\u00a1NO HAY MIEDO AL CAMBIO!!!!<\/strong><\/p>\n<p><iframe loading=\"lazy\" width=\"604\" height=\"340\" src=\"https:\/\/www.youtube.com\/embed\/6ab0Cx8h2Qg?feature=oembed\" frameborder=\"0\" allowfullscreen><\/iframe><\/p>\n<p><a href=\"https:\/\/www.aulastic.com\/blogs2\/charramos\/wp-content\/uploads\/sites\/18\/2016\/11\/IMG_0937.jpg\"><img loading=\"lazy\" class=\"alignnone size-medium wp-image-298\" src=\"https:\/\/www.aulastic.com\/blogs2\/charramos\/wp-content\/uploads\/sites\/18\/2016\/11\/IMG_0937-300x225.jpg\" alt=\"IMG_0937\" width=\"300\" height=\"225\" srcset=\"https:\/\/www.aulastic.com\/blogs2\/charramos\/wp-content\/uploads\/sites\/18\/2016\/11\/IMG_0937-300x225.jpg 300w, https:\/\/www.aulastic.com\/blogs2\/charramos\/wp-content\/uploads\/sites\/18\/2016\/11\/IMG_0937.jpg 320w\" sizes=\"(max-width: 300px) 100vw, 300px\" \/><\/a>\u00a0<a href=\"https:\/\/www.aulastic.com\/blogs2\/charramos\/wp-content\/uploads\/sites\/18\/2016\/11\/IMG_0993.jpg\"><img loading=\"lazy\" class=\"alignnone size-medium wp-image-299\" src=\"https:\/\/www.aulastic.com\/blogs2\/charramos\/wp-content\/uploads\/sites\/18\/2016\/11\/IMG_0993-300x225.jpg\" alt=\"IMG_0993\" width=\"300\" height=\"225\" srcset=\"https:\/\/www.aulastic.com\/blogs2\/charramos\/wp-content\/uploads\/sites\/18\/2016\/11\/IMG_0993-300x225.jpg 300w, https:\/\/www.aulastic.com\/blogs2\/charramos\/wp-content\/uploads\/sites\/18\/2016\/11\/IMG_0993.jpg 320w\" sizes=\"(max-width: 300px) 100vw, 300px\" \/><\/a> <a href=\"https:\/\/www.aulastic.com\/blogs2\/charramos\/wp-content\/uploads\/sites\/18\/2016\/11\/IMG_0964.jpg\"><img loading=\"lazy\" class=\"alignnone size-medium wp-image-300\" src=\"https:\/\/www.aulastic.com\/blogs2\/charramos\/wp-content\/uploads\/sites\/18\/2016\/11\/IMG_0964-300x225.jpg\" alt=\"IMG_0964\" width=\"300\" height=\"225\" srcset=\"https:\/\/www.aulastic.com\/blogs2\/charramos\/wp-content\/uploads\/sites\/18\/2016\/11\/IMG_0964-300x225.jpg 300w, https:\/\/www.aulastic.com\/blogs2\/charramos\/wp-content\/uploads\/sites\/18\/2016\/11\/IMG_0964.jpg 320w\" sizes=\"(max-width: 300px) 100vw, 300px\" \/><\/a><\/p>\n<p><a href=\"https:\/\/www.aulastic.com\/blogs2\/charramos\/wp-content\/uploads\/sites\/18\/2016\/11\/IMG_0992.jpg\"><img loading=\"lazy\" class=\"alignnone size-medium wp-image-301\" src=\"https:\/\/www.aulastic.com\/blogs2\/charramos\/wp-content\/uploads\/sites\/18\/2016\/11\/IMG_0992-300x225.jpg\" alt=\"IMG_0992\" width=\"300\" height=\"225\" srcset=\"https:\/\/www.aulastic.com\/blogs2\/charramos\/wp-content\/uploads\/sites\/18\/2016\/11\/IMG_0992-300x225.jpg 300w, https:\/\/www.aulastic.com\/blogs2\/charramos\/wp-content\/uploads\/sites\/18\/2016\/11\/IMG_0992.jpg 320w\" sizes=\"(max-width: 300px) 100vw, 300px\" \/><\/a><\/p>\n<p>Para resumir, fue una visita muy interesante y aplicable a cualquier colegio. En un marco precioso, ya que Lekeitio es un pueblo muy bonito.<\/p>\n<p><a href=\"https:\/\/www.aulastic.com\/blogs2\/charramos\/wp-content\/uploads\/sites\/18\/2016\/11\/IMG_1008.jpg\"><img loading=\"lazy\" class=\"alignnone size-medium wp-image-302\" src=\"https:\/\/www.aulastic.com\/blogs2\/charramos\/wp-content\/uploads\/sites\/18\/2016\/11\/IMG_1008-300x225.jpg\" alt=\"IMG_1008\" width=\"300\" height=\"225\" srcset=\"https:\/\/www.aulastic.com\/blogs2\/charramos\/wp-content\/uploads\/sites\/18\/2016\/11\/IMG_1008-300x225.jpg 300w, https:\/\/www.aulastic.com\/blogs2\/charramos\/wp-content\/uploads\/sites\/18\/2016\/11\/IMG_1008.jpg 320w\" sizes=\"(max-width: 300px) 100vw, 300px\" \/><\/a><\/p>\n<p>&nbsp;<\/p>\n<p style=\"text-align: right\"><!--more--><\/p>\n","protected":false},"excerpt":{"rendered":"<p>Ante todo, me gustar\u00eda dar las gracias al CPR de Gij\u00f3n por organizar este viaje y esta visita tan interesante. Es de esas actividades en las que sientes que has aprovechado desde el primer hasta el \u00faltimo segundo y de las que aprendes much\u00edsimo. Gracias a nuestro cole, por permitirnos asistir y a los compa\u00f1eros &hellip; <a href=\"https:\/\/www.aulastic.com\/blogs2\/charramos\/visita-al-cp-de-lekeitio\/\" class=\"more-link\">Seguir leyendo <span class=\"screen-reader-text\">Visita al CP de Lekeitio<\/span> <span class=\"meta-nav\">&rarr;<\/span><\/a><\/p>\n","protected":false},"author":80,"featured_media":272,"parent":0,"menu_order":0,"comment_status":"closed","ping_status":"closed","template":"","meta":[],"_links":{"self":[{"href":"https:\/\/www.aulastic.com\/blogs2\/charramos\/wp-json\/wp\/v2\/pages\/271"}],"collection":[{"href":"https:\/\/www.aulastic.com\/blogs2\/charramos\/wp-json\/wp\/v2\/pages"}],"about":[{"href":"https:\/\/www.aulastic.com\/blogs2\/charramos\/wp-json\/wp\/v2\/types\/page"}],"author":[{"embeddable":true,"href":"https:\/\/www.aulastic.com\/blogs2\/charramos\/wp-json\/wp\/v2\/users\/80"}],"replies":[{"embeddable":true,"href":"https:\/\/www.aulastic.com\/blogs2\/charramos\/wp-json\/wp\/v2\/comments?post=271"}],"version-history":[{"count":5,"href":"https:\/\/www.aulastic.com\/blogs2\/charramos\/wp-json\/wp\/v2\/pages\/271\/revisions"}],"predecessor-version":[{"id":310,"href":"https:\/\/www.aulastic.com\/blogs2\/charramos\/wp-json\/wp\/v2\/pages\/271\/revisions\/310"}],"wp:featuredmedia":[{"embeddable":true,"href":"https:\/\/www.aulastic.com\/blogs2\/charramos\/wp-json\/wp\/v2\/media\/272"}],"wp:attachment":[{"href":"https:\/\/www.aulastic.com\/blogs2\/charramos\/wp-json\/wp\/v2\/media?parent=271"}],"curies":[{"name":"wp","href":"https:\/\/api.w.org\/{rel}","templated":true}]}}